{"id":1074,"date":"2023-05-12T15:44:45","date_gmt":"2023-05-12T13:44:45","guid":{"rendered":"https:\/\/foch.ch\/entreprise\/"},"modified":"2025-07-07T18:57:31","modified_gmt":"2025-07-07T16:57:31","slug":"entreprise","status":"publish","type":"page","link":"https:\/\/foch.ch\/de\/entreprise\/","title":{"rendered":"Firma"},"content":{"rendered":"\t\t<div data-elementor-type=\"wp-page\" data-elementor-id=\"1074\" class=\"elementor elementor-1074 elementor-280\">\n\t\t\t\t\t\t<div class=\"elementor-section elementor-top-section elementor-element elementor-element-785b4e1a elementor-section-boxed elementor-section-height-default elementor-section-height-default\" data-id=\"785b4e1a\" data-element_type=\"section\" data-settings=\"{&quot;background_background&quot;:&quot;classic&quot;}\">\n\t\t\t\t\t\t<div class=\"elementor-container elementor-column-gap-default\">\n\t\t\t\t\t<div class=\"elementor-column elementor-col-100 elementor-top-column elementor-element elementor-element-45bde7b2\" data-id=\"45bde7b2\" data-element_type=\"column\">\n\t\t\t<div class=\"elementor-widget-wrap elementor-element-populated\">\n\t\t\t\t\t\t<div class=\"elementor-element elementor-element-59b41414 elementor-widget elementor-widget-heading\" data-id=\"59b41414\" data-element_type=\"widget\" data-widget_type=\"heading.default\">\n\t\t\t\t<div class=\"elementor-widget-container\">\n\t\t\t\t\t<h5 class=\"elementor-heading-title elementor-size-default\">seit 1984<\/h5>\t\t\t\t<\/div>\n\t\t\t\t<\/div>\n\t\t\t\t<div class=\"elementor-element elementor-element-63f7c389 elementor-widget-mobile__width-inherit elementor-widget elementor-widget-heading\" data-id=\"63f7c389\" data-element_type=\"widget\" data-widget_type=\"heading.default\">\n\t\t\t\t<div class=\"elementor-widget-container\">\n\t\t\t\t\t<h1 class=\"elementor-heading-title elementor-size-default\">UNTERNEHMENSGESCHICHTE<\/h1>\t\t\t\t<\/div>\n\t\t\t\t<\/div>\n\t\t\t\t<div class=\"elementor-element elementor-element-4433a5a6 elementor-widget elementor-widget-image\" data-id=\"4433a5a6\" data-element_type=\"widget\" data-widget_type=\"image.default\">\n\t\t\t\t<div class=\"elementor-widget-container\">\n\t\t\t\t\t\t\t\t\t\t\t\t\t\t\t<img fetchpriority=\"high\" decoding=\"async\" width=\"2560\" height=\"1441\" src=\"https:\/\/foch.ch\/wp-content\/uploads\/2024\/12\/10a-scaled-1.jpg\" class=\"attachment-full size-full wp-image-1647\" alt=\"\" srcset=\"https:\/\/foch.ch\/wp-content\/uploads\/2024\/12\/10a-scaled-1.jpg 2560w, https:\/\/foch.ch\/wp-content\/uploads\/2024\/12\/10a-scaled-1-300x169.jpg 300w, https:\/\/foch.ch\/wp-content\/uploads\/2024\/12\/10a-scaled-1-1024x576.jpg 1024w, https:\/\/foch.ch\/wp-content\/uploads\/2024\/12\/10a-scaled-1-768x432.jpg 768w, https:\/\/foch.ch\/wp-content\/uploads\/2024\/12\/10a-scaled-1-1536x865.jpg 1536w, https:\/\/foch.ch\/wp-content\/uploads\/2024\/12\/10a-scaled-1-2048x1153.jpg 2048w, https:\/\/foch.ch\/wp-content\/uploads\/2024\/12\/10a-scaled-1-650x366.jpg 650w\" sizes=\"(max-width: 2560px) 100vw, 2560px\" \/>\t\t\t\t\t\t\t\t\t\t\t\t\t\t\t<\/div>\n\t\t\t\t<\/div>\n\t\t\t\t<div class=\"elementor-element elementor-element-476bec7 elementor-widget elementor-widget-text-editor\" data-id=\"476bec7\" data-element_type=\"widget\" data-widget_type=\"text-editor.default\">\n\t\t\t\t<div class=\"elementor-widget-container\">\n\t\t\t\t\t\t\t\t\t<p>Hauptgeb\u00e4ude bis 2020, Long-Champ 118, 2504 Biel\/Bienne\u00a0<\/p>\t\t\t\t\t\t\t\t<\/div>\n\t\t\t\t<\/div>\n\t\t\t\t\t<\/div>\n\t\t<\/div>\n\t\t\t\t\t<\/div>\n\t\t<\/div>\n\t\t\t\t<section class=\"elementor-section elementor-top-section elementor-element elementor-element-d75ef03 elementor-section-boxed elementor-section-height-default elementor-section-height-default\" data-id=\"d75ef03\" data-element_type=\"section\">\n\t\t\t\t\t\t<div class=\"elementor-container elementor-column-gap-default\">\n\t\t\t\t\t<div class=\"elementor-column elementor-col-100 elementor-top-column elementor-element elementor-element-dcdff30\" data-id=\"dcdff30\" data-element_type=\"column\">\n\t\t\t<div class=\"elementor-widget-wrap elementor-element-populated\">\n\t\t\t\t\t\t<div class=\"elementor-element elementor-element-fbb0dfe elementor-widget elementor-widget-heading\" data-id=\"fbb0dfe\" data-element_type=\"widget\" data-widget_type=\"heading.default\">\n\t\t\t\t<div class=\"elementor-widget-container\">\n\t\t\t\t\t<h5 class=\"elementor-heading-title elementor-size-default\">Geschichte<\/h5>\t\t\t\t<\/div>\n\t\t\t\t<\/div>\n\t\t\t\t<div class=\"elementor-element elementor-element-12e9846 elementor-widget elementor-widget-heading\" data-id=\"12e9846\" data-element_type=\"widget\" data-widget_type=\"heading.default\">\n\t\t\t\t<div class=\"elementor-widget-container\">\n\t\t\t\t\t<h2 class=\"elementor-heading-title elementor-size-default\">Fotor\u00fcckblicke<\/h2>\t\t\t\t<\/div>\n\t\t\t\t<\/div>\n\t\t\t\t\t<\/div>\n\t\t<\/div>\n\t\t\t\t\t<\/div>\n\t\t<\/section>\n\t\t<div class=\"elementor-element elementor-element-491019a e-flex e-con-boxed e-con e-parent\" data-id=\"491019a\" data-element_type=\"container\">\n\t\t\t\t\t<div class=\"e-con-inner\">\n\t\t\t\t<div class=\"elementor-element elementor-element-c59f931 historySlider elementor-widget elementor-widget-bdt-advanced-image-gallery\" data-id=\"c59f931\" data-element_type=\"widget\" data-widget_type=\"bdt-advanced-image-gallery.default\">\n\t\t\t\t<div class=\"elementor-widget-container\">\n\t\t\t\t\t\t\t<div id=\"bdt-avdg-c59f931\" class=\"bdt-ep-advanced-image-gallery bdt-ep-advanced-image-gallery-skin-default bdt-grid bdt-grid-small bdt-child-width-1-1 bdt-child-width-1-3@s bdt-child-width-1-2@m\" data-bdt-grid=\" masonry: true\" data-bdt-lightbox=\"animation: slide;\" data-settings=\"{&quot;id&quot;:&quot;#bdt-avdg-c59f931&quot;,&quot;tiltShow&quot;:false}\">\n\t\t\t\n\t\t\t\t<div class=\"bdt-ep-advanced-image-gallery-item bdt-transition-toggle\">\n\t\t\t\t\t<div class=\"bdt-ep-advanced-image-gallery-inner bdt-image-mask\">\n\t\t\t\t\t\t<div class=\"bdt-ep-advanced-image-gallery-thumbnail bdt-transition-toggle\"><img decoding=\"async\" width=\"640\" height=\"480\" src=\"https:\/\/foch.ch\/wp-content\/uploads\/2025\/02\/2a.jpg\" class=\"jgalleryImage\" alt=\"2a.jpg\" srcset=\"https:\/\/foch.ch\/wp-content\/uploads\/2025\/02\/2a.jpg 640w, https:\/\/foch.ch\/wp-content\/uploads\/2025\/02\/2a-300x225.jpg 300w\" sizes=\"(max-width: 640px) 100vw, 640px\" \/><\/div>\t\t<div class=\"bdt-position-cover bdt-overlay bdt-overlay-default bdt-transition-fade\">\n\t\t\t<div class=\"bdt-ep-advanced-image-gallery-content\">\n\t\t\t\t<div class=\"bdt-ep-advanced-image-gallery-content-inner\">\n\n\t\t\t\t\t\t\t\t\t\t\t\t\t\t\t\t<div class=\"bdt-flex-inline bdt-ep-advanced-image-gallery-item-link-wrapper\">\n\t\t\t\t\t\t\t<a class=\"bdt-ep-advanced-image-gallery-item-link elementor-clickable icon-type-icon \" data-elementor-open-lightbox=\"no\" data-caption=\"\" href=\"https:\/\/foch.ch\/wp-content\/uploads\/2025\/02\/2a.jpg\">\n\t\t\t\t\t\t\t\t\n\t\t\t\t\t\t\t\t\t\t\t\t\t\t\t\t\t\t\t<span>\n\t\t\t\t\t\t\t\t\t\t\t<i class=\"ep-icon-plus-2\"><\/i>\n\t\t\t\t\t\t\t\t\t\t<\/span>\n\t\t\t\t\t\t\t\t\t\n\t\t\t\t\t\t\t\t\t\t\t\t\t\t\t<\/a>\n\t\t\t\t\t\t<\/div>\n\t\t\t\t\t\n\t\t\t\t\t\t\t\t\t<\/div>\n\t\t\t<\/div>\n\t\t<\/div>\n\t\t\t\t\t<\/div>\n\t\t\t\t\t\t\t\t\t<\/div>\n\n\t\t\t\n\t\t\t\t<div class=\"bdt-ep-advanced-image-gallery-item bdt-transition-toggle\">\n\t\t\t\t\t<div class=\"bdt-ep-advanced-image-gallery-inner bdt-image-mask\">\n\t\t\t\t\t\t<div class=\"bdt-ep-advanced-image-gallery-thumbnail bdt-transition-toggle\"><img decoding=\"async\" width=\"2048\" height=\"1536\" src=\"https:\/\/foch.ch\/wp-content\/uploads\/2025\/02\/1a.jpg\" class=\"jgalleryImage\" alt=\"1a.jpg\" srcset=\"https:\/\/foch.ch\/wp-content\/uploads\/2025\/02\/1a.jpg 2048w, https:\/\/foch.ch\/wp-content\/uploads\/2025\/02\/1a-300x225.jpg 300w, https:\/\/foch.ch\/wp-content\/uploads\/2025\/02\/1a-1024x768.jpg 1024w, https:\/\/foch.ch\/wp-content\/uploads\/2025\/02\/1a-768x576.jpg 768w, https:\/\/foch.ch\/wp-content\/uploads\/2025\/02\/1a-1536x1152.jpg 1536w, https:\/\/foch.ch\/wp-content\/uploads\/2025\/02\/1a-650x488.jpg 650w\" sizes=\"(max-width: 2048px) 100vw, 2048px\" \/><\/div>\t\t<div class=\"bdt-position-cover bdt-overlay bdt-overlay-default bdt-transition-fade\">\n\t\t\t<div class=\"bdt-ep-advanced-image-gallery-content\">\n\t\t\t\t<div class=\"bdt-ep-advanced-image-gallery-content-inner\">\n\n\t\t\t\t\t\t\t\t\t\t\t\t\t\t\t\t<div class=\"bdt-flex-inline bdt-ep-advanced-image-gallery-item-link-wrapper\">\n\t\t\t\t\t\t\t<a class=\"bdt-ep-advanced-image-gallery-item-link elementor-clickable icon-type-icon \" data-elementor-open-lightbox=\"no\" data-caption=\"\" href=\"https:\/\/foch.ch\/wp-content\/uploads\/2025\/02\/1a.jpg\">\n\t\t\t\t\t\t\t\t\n\t\t\t\t\t\t\t\t\t\t\t\t\t\t\t\t\t\t\t<span>\n\t\t\t\t\t\t\t\t\t\t\t<i class=\"ep-icon-plus-2\"><\/i>\n\t\t\t\t\t\t\t\t\t\t<\/span>\n\t\t\t\t\t\t\t\t\t\n\t\t\t\t\t\t\t\t\t\t\t\t\t\t\t<\/a>\n\t\t\t\t\t\t<\/div>\n\t\t\t\t\t\n\t\t\t\t\t\t\t\t\t<\/div>\n\t\t\t<\/div>\n\t\t<\/div>\n\t\t\t\t\t<\/div>\n\t\t\t\t\t\t\t\t\t<\/div>\n\n\t\t\t\t\t<\/div>\n\t\t\t\t\t<\/div>\n\t\t\t\t<\/div>\n\t\t\t\t<div class=\"elementor-element elementor-element-9dfb962 elementor-widget elementor-widget-heading\" data-id=\"9dfb962\" data-element_type=\"widget\" data-widget_type=\"heading.default\">\n\t\t\t\t<div class=\"elementor-widget-container\">\n\t\t\t\t\t<h4 class=\"elementor-heading-title elementor-size-default\">Von 1984 bis 2004<\/h4>\t\t\t\t<\/div>\n\t\t\t\t<\/div>\n\t\t\t\t<div class=\"elementor-element elementor-element-38ace4c elementor-widget elementor-widget-text-editor\" data-id=\"38ace4c\" data-element_type=\"widget\" data-widget_type=\"text-editor.default\">\n\t\t\t\t<div class=\"elementor-widget-container\">\n\t\t\t\t\t\t\t\t\t<p>Die Garage an der Falkenstrasse 43 in Biel, die f\u00fcr den Verkauf und die Werkstatt betrieben wurde und von 2004 bis 2010 nur f\u00fcr die Werkstatt.<\/p>\t\t\t\t\t\t\t\t<\/div>\n\t\t\t\t<\/div>\n\t\t\t\t<div class=\"elementor-element elementor-element-97723a6 elementor-view-default elementor-widget elementor-widget-icon\" data-id=\"97723a6\" data-element_type=\"widget\" data-widget_type=\"icon.default\">\n\t\t\t\t<div class=\"elementor-widget-container\">\n\t\t\t\t\t\t\t<div class=\"elementor-icon-wrapper\">\n\t\t\t<div class=\"elementor-icon\">\n\t\t\t<svg xmlns=\"http:\/\/www.w3.org\/2000\/svg\" id=\"Layer_1\" height=\"512\" viewBox=\"0 0 100 100\" width=\"512\"><path d=\"m53.708 80.251-2.556 3.759-.002-71.489h-2l.002 71.041-2.035-3.541-1.734.996 4.682 8.149 5.297-7.79z\"><\/path><\/svg>\t\t\t<\/div>\n\t\t<\/div>\n\t\t\t\t\t\t<\/div>\n\t\t\t\t<\/div>\n\t\t\t\t\t<\/div>\n\t\t\t\t<\/div>\n\t\t<div class=\"elementor-element elementor-element-574f47d e-flex e-con-boxed e-con e-parent\" data-id=\"574f47d\" data-element_type=\"container\">\n\t\t\t\t\t<div class=\"e-con-inner\">\n\t\t\t\t<div class=\"elementor-element elementor-element-7f5cb96 historySliderLow elementor-widget elementor-widget-bdt-advanced-image-gallery\" data-id=\"7f5cb96\" data-element_type=\"widget\" data-widget_type=\"bdt-advanced-image-gallery.default\">\n\t\t\t\t<div class=\"elementor-widget-container\">\n\t\t\t\t\t\t\t<div id=\"bdt-avdg-7f5cb96\" class=\"bdt-ep-advanced-image-gallery bdt-ep-advanced-image-gallery-skin-default bdt-grid bdt-grid-small bdt-child-width-1-1 bdt-child-width-1-3@s bdt-child-width-1-2@m\" data-bdt-grid=\"\" data-bdt-lightbox=\"animation: slide;\" data-settings=\"{&quot;id&quot;:&quot;#bdt-avdg-7f5cb96&quot;,&quot;tiltShow&quot;:false}\">\n\t\t\t\n\t\t\t\t<div class=\"bdt-ep-advanced-image-gallery-item bdt-transition-toggle\">\n\t\t\t\t\t<div class=\"bdt-ep-advanced-image-gallery-inner bdt-image-mask\">\n\t\t\t\t\t\t<div class=\"bdt-ep-advanced-image-gallery-thumbnail bdt-transition-toggle\"><img loading=\"lazy\" decoding=\"async\" width=\"291\" height=\"106\" src=\"https:\/\/foch.ch\/wp-content\/uploads\/2025\/02\/Image4.png\" class=\"jgalleryImage\" alt=\"Image4.png\" \/><\/div>\t\t<div class=\"bdt-position-cover bdt-overlay bdt-overlay-default bdt-transition-fade\">\n\t\t\t<div class=\"bdt-ep-advanced-image-gallery-content\">\n\t\t\t\t<div class=\"bdt-ep-advanced-image-gallery-content-inner\">\n\n\t\t\t\t\t\t\t\t\t\t\t\t\t\t\t\t<div class=\"bdt-flex-inline bdt-ep-advanced-image-gallery-item-link-wrapper\">\n\t\t\t\t\t\t\t<a class=\"bdt-ep-advanced-image-gallery-item-link elementor-clickable icon-type-icon \" data-elementor-open-lightbox=\"no\" data-caption=\"\" href=\"https:\/\/foch.ch\/wp-content\/uploads\/2025\/02\/Image4.png\">\n\t\t\t\t\t\t\t\t\n\t\t\t\t\t\t\t\t\t\t\t\t\t\t\t\t\t\t\t<span>\n\t\t\t\t\t\t\t\t\t\t\t<i class=\"ep-icon-plus-2\"><\/i>\n\t\t\t\t\t\t\t\t\t\t<\/span>\n\t\t\t\t\t\t\t\t\t\n\t\t\t\t\t\t\t\t\t\t\t\t\t\t\t<\/a>\n\t\t\t\t\t\t<\/div>\n\t\t\t\t\t\n\t\t\t\t\t\t\t\t\t<\/div>\n\t\t\t<\/div>\n\t\t<\/div>\n\t\t\t\t\t<\/div>\n\t\t\t\t\t\t\t\t\t<\/div>\n\n\t\t\t\n\t\t\t\t<div class=\"bdt-ep-advanced-image-gallery-item bdt-transition-toggle\">\n\t\t\t\t\t<div class=\"bdt-ep-advanced-image-gallery-inner bdt-image-mask\">\n\t\t\t\t\t\t<div class=\"bdt-ep-advanced-image-gallery-thumbnail bdt-transition-toggle\"><img loading=\"lazy\" decoding=\"async\" width=\"373\" height=\"105\" src=\"https:\/\/foch.ch\/wp-content\/uploads\/2025\/02\/Image3.png\" class=\"jgalleryImage\" alt=\"Image3.png\" srcset=\"https:\/\/foch.ch\/wp-content\/uploads\/2025\/02\/Image3.png 373w, https:\/\/foch.ch\/wp-content\/uploads\/2025\/02\/Image3-300x84.png 300w\" sizes=\"(max-width: 373px) 100vw, 373px\" \/><\/div>\t\t<div class=\"bdt-position-cover bdt-overlay bdt-overlay-default bdt-transition-fade\">\n\t\t\t<div class=\"bdt-ep-advanced-image-gallery-content\">\n\t\t\t\t<div class=\"bdt-ep-advanced-image-gallery-content-inner\">\n\n\t\t\t\t\t\t\t\t\t\t\t\t\t\t\t\t<div class=\"bdt-flex-inline bdt-ep-advanced-image-gallery-item-link-wrapper\">\n\t\t\t\t\t\t\t<a class=\"bdt-ep-advanced-image-gallery-item-link elementor-clickable icon-type-icon \" data-elementor-open-lightbox=\"no\" data-caption=\"\" href=\"https:\/\/foch.ch\/wp-content\/uploads\/2025\/02\/Image3.png\">\n\t\t\t\t\t\t\t\t\n\t\t\t\t\t\t\t\t\t\t\t\t\t\t\t\t\t\t\t<span>\n\t\t\t\t\t\t\t\t\t\t\t<i class=\"ep-icon-plus-2\"><\/i>\n\t\t\t\t\t\t\t\t\t\t<\/span>\n\t\t\t\t\t\t\t\t\t\n\t\t\t\t\t\t\t\t\t\t\t\t\t\t\t<\/a>\n\t\t\t\t\t\t<\/div>\n\t\t\t\t\t\n\t\t\t\t\t\t\t\t\t<\/div>\n\t\t\t<\/div>\n\t\t<\/div>\n\t\t\t\t\t<\/div>\n\t\t\t\t\t\t\t\t\t<\/div>\n\n\t\t\t\n\t\t\t\t<div class=\"bdt-ep-advanced-image-gallery-item bdt-transition-toggle\">\n\t\t\t\t\t<div class=\"bdt-ep-advanced-image-gallery-inner bdt-image-mask\">\n\t\t\t\t\t\t<div class=\"bdt-ep-advanced-image-gallery-thumbnail bdt-transition-toggle\"><img loading=\"lazy\" decoding=\"async\" width=\"368\" height=\"103\" src=\"https:\/\/foch.ch\/wp-content\/uploads\/2025\/02\/Image2.png\" class=\"jgalleryImage\" alt=\"Image2.png\" srcset=\"https:\/\/foch.ch\/wp-content\/uploads\/2025\/02\/Image2.png 368w, https:\/\/foch.ch\/wp-content\/uploads\/2025\/02\/Image2-300x84.png 300w\" sizes=\"(max-width: 368px) 100vw, 368px\" \/><\/div>\t\t<div class=\"bdt-position-cover bdt-overlay bdt-overlay-default bdt-transition-fade\">\n\t\t\t<div class=\"bdt-ep-advanced-image-gallery-content\">\n\t\t\t\t<div class=\"bdt-ep-advanced-image-gallery-content-inner\">\n\n\t\t\t\t\t\t\t\t\t\t\t\t\t\t\t\t<div class=\"bdt-flex-inline bdt-ep-advanced-image-gallery-item-link-wrapper\">\n\t\t\t\t\t\t\t<a class=\"bdt-ep-advanced-image-gallery-item-link elementor-clickable icon-type-icon \" data-elementor-open-lightbox=\"no\" data-caption=\"\" href=\"https:\/\/foch.ch\/wp-content\/uploads\/2025\/02\/Image2.png\">\n\t\t\t\t\t\t\t\t\n\t\t\t\t\t\t\t\t\t\t\t\t\t\t\t\t\t\t\t<span>\n\t\t\t\t\t\t\t\t\t\t\t<i class=\"ep-icon-plus-2\"><\/i>\n\t\t\t\t\t\t\t\t\t\t<\/span>\n\t\t\t\t\t\t\t\t\t\n\t\t\t\t\t\t\t\t\t\t\t\t\t\t\t<\/a>\n\t\t\t\t\t\t<\/div>\n\t\t\t\t\t\n\t\t\t\t\t\t\t\t\t<\/div>\n\t\t\t<\/div>\n\t\t<\/div>\n\t\t\t\t\t<\/div>\n\t\t\t\t\t\t\t\t\t<\/div>\n\n\t\t\t\n\t\t\t\t<div class=\"bdt-ep-advanced-image-gallery-item bdt-transition-toggle\">\n\t\t\t\t\t<div class=\"bdt-ep-advanced-image-gallery-inner bdt-image-mask\">\n\t\t\t\t\t\t<div class=\"bdt-ep-advanced-image-gallery-thumbnail bdt-transition-toggle\"><img loading=\"lazy\" decoding=\"async\" width=\"301\" height=\"103\" src=\"https:\/\/foch.ch\/wp-content\/uploads\/2025\/02\/Image1-1.png\" class=\"jgalleryImage\" alt=\"Image1-1.png\" \/><\/div>\t\t<div class=\"bdt-position-cover bdt-overlay bdt-overlay-default bdt-transition-fade\">\n\t\t\t<div class=\"bdt-ep-advanced-image-gallery-content\">\n\t\t\t\t<div class=\"bdt-ep-advanced-image-gallery-content-inner\">\n\n\t\t\t\t\t\t\t\t\t\t\t\t\t\t\t\t<div class=\"bdt-flex-inline bdt-ep-advanced-image-gallery-item-link-wrapper\">\n\t\t\t\t\t\t\t<a class=\"bdt-ep-advanced-image-gallery-item-link elementor-clickable icon-type-icon \" data-elementor-open-lightbox=\"no\" data-caption=\"\" href=\"https:\/\/foch.ch\/wp-content\/uploads\/2025\/02\/Image1-1.png\">\n\t\t\t\t\t\t\t\t\n\t\t\t\t\t\t\t\t\t\t\t\t\t\t\t\t\t\t\t<span>\n\t\t\t\t\t\t\t\t\t\t\t<i class=\"ep-icon-plus-2\"><\/i>\n\t\t\t\t\t\t\t\t\t\t<\/span>\n\t\t\t\t\t\t\t\t\t\n\t\t\t\t\t\t\t\t\t\t\t\t\t\t\t<\/a>\n\t\t\t\t\t\t<\/div>\n\t\t\t\t\t\n\t\t\t\t\t\t\t\t\t<\/div>\n\t\t\t<\/div>\n\t\t<\/div>\n\t\t\t\t\t<\/div>\n\t\t\t\t\t\t\t\t\t<\/div>\n\n\t\t\t\t\t<\/div>\n\t\t\t\t\t<\/div>\n\t\t\t\t<\/div>\n\t\t\t\t<div class=\"elementor-element elementor-element-7d9e38a elementor-widget elementor-widget-heading\" data-id=\"7d9e38a\" data-element_type=\"widget\" data-widget_type=\"heading.default\">\n\t\t\t\t<div class=\"elementor-widget-container\">\n\t\t\t\t\t<h4 class=\"elementor-heading-title elementor-size-default\">2004<\/h4>\t\t\t\t<\/div>\n\t\t\t\t<\/div>\n\t\t\t\t<div class=\"elementor-element elementor-element-784a30f elementor-widget elementor-widget-text-editor\" data-id=\"784a30f\" data-element_type=\"widget\" data-widget_type=\"text-editor.default\">\n\t\t\t\t<div class=\"elementor-widget-container\">\n\t\t\t\t\t\t\t\t\t<p>Im Bau befindet sich das Autozentrum mit Werkstatt, Ausstellung, Waschanlage und Tankstelle.<\/p>\t\t\t\t\t\t\t\t<\/div>\n\t\t\t\t<\/div>\n\t\t\t\t<div class=\"elementor-element elementor-element-3994047 e-transform elementor-view-default elementor-widget elementor-widget-icon\" data-id=\"3994047\" data-element_type=\"widget\" data-settings=\"{&quot;_transform_flipX_effect&quot;:&quot;transform&quot;}\" data-widget_type=\"icon.default\">\n\t\t\t\t<div class=\"elementor-widget-container\">\n\t\t\t\t\t\t\t<div class=\"elementor-icon-wrapper\">\n\t\t\t<div class=\"elementor-icon\">\n\t\t\t<svg xmlns=\"http:\/\/www.w3.org\/2000\/svg\" id=\"Layer_1\" height=\"512\" viewBox=\"0 0 100 100\" width=\"512\"><path d=\"m53.708 80.251-2.556 3.759-.002-71.489h-2l.002 71.041-2.035-3.541-1.734.996 4.682 8.149 5.297-7.79z\"><\/path><\/svg>\t\t\t<\/div>\n\t\t<\/div>\n\t\t\t\t\t\t<\/div>\n\t\t\t\t<\/div>\n\t\t\t\t\t<\/div>\n\t\t\t\t<\/div>\n\t\t<div class=\"elementor-element elementor-element-a8ee14e e-flex e-con-boxed e-con e-parent\" data-id=\"a8ee14e\" data-element_type=\"container\">\n\t\t\t\t\t<div class=\"e-con-inner\">\n\t\t\t\t<div class=\"elementor-element elementor-element-24d266d historySlider elementor-widget elementor-widget-bdt-advanced-image-gallery\" data-id=\"24d266d\" data-element_type=\"widget\" data-widget_type=\"bdt-advanced-image-gallery.default\">\n\t\t\t\t<div class=\"elementor-widget-container\">\n\t\t\t\t\t\t\t<div id=\"bdt-avdg-24d266d\" class=\"bdt-ep-advanced-image-gallery bdt-ep-advanced-image-gallery-skin-default bdt-grid bdt-grid-small bdt-child-width-1-1 bdt-child-width-1-3@s bdt-child-width-1-1@m\" data-bdt-grid=\" masonry: true\" data-bdt-lightbox=\"animation: slide;\" data-settings=\"{&quot;id&quot;:&quot;#bdt-avdg-24d266d&quot;,&quot;tiltShow&quot;:false}\">\n\t\t\t\n\t\t\t\t<div class=\"bdt-ep-advanced-image-gallery-item bdt-transition-toggle\">\n\t\t\t\t\t<div class=\"bdt-ep-advanced-image-gallery-inner bdt-image-mask\">\n\t\t\t\t\t\t<div class=\"bdt-ep-advanced-image-gallery-thumbnail bdt-transition-toggle\"><img loading=\"lazy\" decoding=\"async\" width=\"674\" height=\"160\" src=\"https:\/\/foch.ch\/wp-content\/uploads\/2025\/02\/Image5.png\" class=\"jgalleryImage\" alt=\"Image5.png\" srcset=\"https:\/\/foch.ch\/wp-content\/uploads\/2025\/02\/Image5.png 674w, https:\/\/foch.ch\/wp-content\/uploads\/2025\/02\/Image5-300x71.png 300w, https:\/\/foch.ch\/wp-content\/uploads\/2025\/02\/Image5-650x154.png 650w\" sizes=\"(max-width: 674px) 100vw, 674px\" \/><\/div>\t\t<div class=\"bdt-position-cover bdt-overlay bdt-overlay-default bdt-transition-fade\">\n\t\t\t<div class=\"bdt-ep-advanced-image-gallery-content\">\n\t\t\t\t<div class=\"bdt-ep-advanced-image-gallery-content-inner\">\n\n\t\t\t\t\t\t\t\t\t\t\t\t\t\t\t\t<div class=\"bdt-flex-inline bdt-ep-advanced-image-gallery-item-link-wrapper\">\n\t\t\t\t\t\t\t<a class=\"bdt-ep-advanced-image-gallery-item-link elementor-clickable icon-type-icon \" data-elementor-open-lightbox=\"no\" data-caption=\"\" href=\"https:\/\/foch.ch\/wp-content\/uploads\/2025\/02\/Image5.png\">\n\t\t\t\t\t\t\t\t\n\t\t\t\t\t\t\t\t\t\t\t\t\t\t\t\t\t\t\t<span>\n\t\t\t\t\t\t\t\t\t\t\t<i class=\"ep-icon-plus-2\"><\/i>\n\t\t\t\t\t\t\t\t\t\t<\/span>\n\t\t\t\t\t\t\t\t\t\n\t\t\t\t\t\t\t\t\t\t\t\t\t\t\t<\/a>\n\t\t\t\t\t\t<\/div>\n\t\t\t\t\t\n\t\t\t\t\t\t\t\t\t<\/div>\n\t\t\t<\/div>\n\t\t<\/div>\n\t\t\t\t\t<\/div>\n\t\t\t\t\t\t\t\t\t<\/div>\n\n\t\t\t\t\t<\/div>\n\t\t\t\t\t<\/div>\n\t\t\t\t<\/div>\n\t\t\t\t<div class=\"elementor-element elementor-element-4553199 elementor-widget elementor-widget-heading\" data-id=\"4553199\" data-element_type=\"widget\" data-widget_type=\"heading.default\">\n\t\t\t\t<div class=\"elementor-widget-container\">\n\t\t\t\t\t<h4 class=\"elementor-heading-title elementor-size-default\">2005<\/h4>\t\t\t\t<\/div>\n\t\t\t\t<\/div>\n\t\t\t\t<div class=\"elementor-element elementor-element-120e40e elementor-widget elementor-widget-text-editor\" data-id=\"120e40e\" data-element_type=\"widget\" data-widget_type=\"text-editor.default\">\n\t\t\t\t<div class=\"elementor-widget-container\">\n\t\t\t\t\t\t\t\t\t<p>Inbetriebnahme des neuen Geb\u00e4udes am L\u00e4ngfeld 118, Biel (R\u00fcckansicht).<\/p>\t\t\t\t\t\t\t\t<\/div>\n\t\t\t\t<\/div>\n\t\t\t\t<div class=\"elementor-element elementor-element-a9882ff elementor-view-default elementor-widget elementor-widget-icon\" data-id=\"a9882ff\" data-element_type=\"widget\" data-widget_type=\"icon.default\">\n\t\t\t\t<div class=\"elementor-widget-container\">\n\t\t\t\t\t\t\t<div class=\"elementor-icon-wrapper\">\n\t\t\t<div class=\"elementor-icon\">\n\t\t\t<svg xmlns=\"http:\/\/www.w3.org\/2000\/svg\" id=\"Layer_1\" height=\"512\" viewBox=\"0 0 100 100\" width=\"512\"><path d=\"m53.708 80.251-2.556 3.759-.002-71.489h-2l.002 71.041-2.035-3.541-1.734.996 4.682 8.149 5.297-7.79z\"><\/path><\/svg>\t\t\t<\/div>\n\t\t<\/div>\n\t\t\t\t\t\t<\/div>\n\t\t\t\t<\/div>\n\t\t\t\t\t<\/div>\n\t\t\t\t<\/div>\n\t\t<div class=\"elementor-element elementor-element-334731e e-flex e-con-boxed e-con e-parent\" data-id=\"334731e\" data-element_type=\"container\">\n\t\t\t\t\t<div class=\"e-con-inner\">\n\t\t\t\t<div class=\"elementor-element elementor-element-85348fb historySlider elementor-widget elementor-widget-bdt-advanced-image-gallery\" data-id=\"85348fb\" data-element_type=\"widget\" data-widget_type=\"bdt-advanced-image-gallery.default\">\n\t\t\t\t<div class=\"elementor-widget-container\">\n\t\t\t\t\t\t\t<div id=\"bdt-avdg-85348fb\" class=\"bdt-ep-advanced-image-gallery bdt-ep-advanced-image-gallery-skin-default bdt-grid bdt-grid-small bdt-child-width-1-1 bdt-child-width-1-3@s bdt-child-width-1-2@m\" data-bdt-grid=\" masonry: true\" data-bdt-lightbox=\"animation: slide;\" data-settings=\"{&quot;id&quot;:&quot;#bdt-avdg-85348fb&quot;,&quot;tiltShow&quot;:false}\">\n\t\t\t\n\t\t\t\t<div class=\"bdt-ep-advanced-image-gallery-item bdt-transition-toggle\">\n\t\t\t\t\t<div class=\"bdt-ep-advanced-image-gallery-inner bdt-image-mask\">\n\t\t\t\t\t\t<div class=\"bdt-ep-advanced-image-gallery-thumbnail bdt-transition-toggle\"><img loading=\"lazy\" decoding=\"async\" width=\"2560\" height=\"1441\" src=\"https:\/\/foch.ch\/wp-content\/uploads\/2025\/02\/5a-scaled-1.jpg\" class=\"jgalleryImage\" alt=\"5a-scaled-1.jpg\" srcset=\"https:\/\/foch.ch\/wp-content\/uploads\/2025\/02\/5a-scaled-1.jpg 2560w, https:\/\/foch.ch\/wp-content\/uploads\/2025\/02\/5a-scaled-1-300x169.jpg 300w, https:\/\/foch.ch\/wp-content\/uploads\/2025\/02\/5a-scaled-1-1024x576.jpg 1024w, https:\/\/foch.ch\/wp-content\/uploads\/2025\/02\/5a-scaled-1-768x432.jpg 768w, https:\/\/foch.ch\/wp-content\/uploads\/2025\/02\/5a-scaled-1-1536x865.jpg 1536w, https:\/\/foch.ch\/wp-content\/uploads\/2025\/02\/5a-scaled-1-2048x1153.jpg 2048w, https:\/\/foch.ch\/wp-content\/uploads\/2025\/02\/5a-scaled-1-650x366.jpg 650w\" sizes=\"(max-width: 2560px) 100vw, 2560px\" \/><\/div>\t\t<div class=\"bdt-position-cover bdt-overlay bdt-overlay-default bdt-transition-fade\">\n\t\t\t<div class=\"bdt-ep-advanced-image-gallery-content\">\n\t\t\t\t<div class=\"bdt-ep-advanced-image-gallery-content-inner\">\n\n\t\t\t\t\t\t\t\t\t\t\t\t\t\t\t\t<div class=\"bdt-flex-inline bdt-ep-advanced-image-gallery-item-link-wrapper\">\n\t\t\t\t\t\t\t<a class=\"bdt-ep-advanced-image-gallery-item-link elementor-clickable icon-type-icon \" data-elementor-open-lightbox=\"no\" data-caption=\"\" href=\"https:\/\/foch.ch\/wp-content\/uploads\/2025\/02\/5a-scaled-1.jpg\">\n\t\t\t\t\t\t\t\t\n\t\t\t\t\t\t\t\t\t\t\t\t\t\t\t\t\t\t\t<span>\n\t\t\t\t\t\t\t\t\t\t\t<i class=\"ep-icon-plus-2\"><\/i>\n\t\t\t\t\t\t\t\t\t\t<\/span>\n\t\t\t\t\t\t\t\t\t\n\t\t\t\t\t\t\t\t\t\t\t\t\t\t\t<\/a>\n\t\t\t\t\t\t<\/div>\n\t\t\t\t\t\n\t\t\t\t\t\t\t\t\t<\/div>\n\t\t\t<\/div>\n\t\t<\/div>\n\t\t\t\t\t<\/div>\n\t\t\t\t\t\t\t\t\t<\/div>\n\n\t\t\t\n\t\t\t\t<div class=\"bdt-ep-advanced-image-gallery-item bdt-transition-toggle\">\n\t\t\t\t\t<div class=\"bdt-ep-advanced-image-gallery-inner bdt-image-mask\">\n\t\t\t\t\t\t<div class=\"bdt-ep-advanced-image-gallery-thumbnail bdt-transition-toggle\"><img loading=\"lazy\" decoding=\"async\" width=\"2560\" height=\"1441\" src=\"https:\/\/foch.ch\/wp-content\/uploads\/2025\/02\/10a-scaled-1.jpg\" class=\"jgalleryImage\" alt=\"10a-scaled-1.jpg\" srcset=\"https:\/\/foch.ch\/wp-content\/uploads\/2025\/02\/10a-scaled-1.jpg 2560w, https:\/\/foch.ch\/wp-content\/uploads\/2025\/02\/10a-scaled-1-300x169.jpg 300w, https:\/\/foch.ch\/wp-content\/uploads\/2025\/02\/10a-scaled-1-1024x576.jpg 1024w, https:\/\/foch.ch\/wp-content\/uploads\/2025\/02\/10a-scaled-1-768x432.jpg 768w, https:\/\/foch.ch\/wp-content\/uploads\/2025\/02\/10a-scaled-1-1536x865.jpg 1536w, https:\/\/foch.ch\/wp-content\/uploads\/2025\/02\/10a-scaled-1-2048x1153.jpg 2048w, https:\/\/foch.ch\/wp-content\/uploads\/2025\/02\/10a-scaled-1-650x366.jpg 650w\" sizes=\"(max-width: 2560px) 100vw, 2560px\" \/><\/div>\t\t<div class=\"bdt-position-cover bdt-overlay bdt-overlay-default bdt-transition-fade\">\n\t\t\t<div class=\"bdt-ep-advanced-image-gallery-content\">\n\t\t\t\t<div class=\"bdt-ep-advanced-image-gallery-content-inner\">\n\n\t\t\t\t\t\t\t\t\t\t\t\t\t\t\t\t<div class=\"bdt-flex-inline bdt-ep-advanced-image-gallery-item-link-wrapper\">\n\t\t\t\t\t\t\t<a class=\"bdt-ep-advanced-image-gallery-item-link elementor-clickable icon-type-icon \" data-elementor-open-lightbox=\"no\" data-caption=\"\" href=\"https:\/\/foch.ch\/wp-content\/uploads\/2025\/02\/10a-scaled-1.jpg\">\n\t\t\t\t\t\t\t\t\n\t\t\t\t\t\t\t\t\t\t\t\t\t\t\t\t\t\t\t<span>\n\t\t\t\t\t\t\t\t\t\t\t<i class=\"ep-icon-plus-2\"><\/i>\n\t\t\t\t\t\t\t\t\t\t<\/span>\n\t\t\t\t\t\t\t\t\t\n\t\t\t\t\t\t\t\t\t\t\t\t\t\t\t<\/a>\n\t\t\t\t\t\t<\/div>\n\t\t\t\t\t\n\t\t\t\t\t\t\t\t\t<\/div>\n\t\t\t<\/div>\n\t\t<\/div>\n\t\t\t\t\t<\/div>\n\t\t\t\t\t\t\t\t\t<\/div>\n\n\t\t\t\t\t<\/div>\n\t\t\t\t\t<\/div>\n\t\t\t\t<\/div>\n\t\t\t\t<div class=\"elementor-element elementor-element-4f5609f elementor-widget elementor-widget-heading\" data-id=\"4f5609f\" data-element_type=\"widget\" data-widget_type=\"heading.default\">\n\t\t\t\t<div class=\"elementor-widget-container\">\n\t\t\t\t\t<h4 class=\"elementor-heading-title elementor-size-default\">2004 - 2020<\/h4>\t\t\t\t<\/div>\n\t\t\t\t<\/div>\n\t\t\t\t<div class=\"elementor-element elementor-element-1308dfb elementor-widget elementor-widget-text-editor\" data-id=\"1308dfb\" data-element_type=\"widget\" data-widget_type=\"text-editor.default\">\n\t\t\t\t<div class=\"elementor-widget-container\">\n\t\t\t\t\t\t\t\t\t<p>Der Hauptsitz in Biel w\u00e4hrend des Betriebs.<\/p>\t\t\t\t\t\t\t\t<\/div>\n\t\t\t\t<\/div>\n\t\t\t\t\t<\/div>\n\t\t\t\t<\/div>\n\t\t\t\t<div class=\"elementor-section elementor-top-section elementor-element elementor-element-a4a574e elementor-section-boxed elementor-section-height-default elementor-section-height-default\" data-id=\"a4a574e\" data-element_type=\"section\" data-settings=\"{&quot;background_background&quot;:&quot;classic&quot;}\">\n\t\t\t\t\t\t<div class=\"elementor-container elementor-column-gap-default\">\n\t\t\t\t\t<div class=\"elementor-column elementor-col-100 elementor-top-column elementor-element elementor-element-5e16c47\" data-id=\"5e16c47\" data-element_type=\"column\">\n\t\t\t<div class=\"elementor-widget-wrap elementor-element-populated\">\n\t\t\t\t\t\t<div class=\"elementor-element elementor-element-daa6e04 elementor-widget-mobile__width-inherit elementor-widget elementor-widget-heading\" data-id=\"daa6e04\" data-element_type=\"widget\" data-widget_type=\"heading.default\">\n\t\t\t\t<div class=\"elementor-widget-container\">\n\t\t\t\t\t<h1 class=\"elementor-heading-title elementor-size-default\">Unsere Geschichte<\/h1>\t\t\t\t<\/div>\n\t\t\t\t<\/div>\n\t\t<div class=\"elementor-element elementor-element-f11f6ae e-con-full e-flex e-con e-parent\" data-id=\"f11f6ae\" data-element_type=\"container\">\n\t\t<div class=\"elementor-element elementor-element-cfad01c e-con-full e-flex e-con e-child\" data-id=\"cfad01c\" data-element_type=\"container\">\n\t\t\t\t<div class=\"elementor-element elementor-element-2923542 elementor-widget__width-inherit elementor-widget-mobile__width-inherit elementor-widget-tablet__width-initial elementor-widget elementor-widget-text-editor\" data-id=\"2923542\" data-element_type=\"widget\" data-widget_type=\"text-editor.default\">\n\t\t\t\t<div class=\"elementor-widget-container\">\n\t\t\t\t\t\t\t\t\t<p>Die FOCH Automobiles SA wurde 1984 von zwei 25-j\u00e4hrigen M\u00e4nnern, Frank Chappuis und Daniel Verardi, gegr\u00fcndet und hat ihren Sitz in Biel. Das Unternehmen war offizieller Partner der Marken VOLKSWAGEN und AUDI, zun\u00e4chst an der Falkenstrasse 43 (Gurzelen). Im Jahr 2004 wurde ein Autozentrum gebaut und von 2004 bis 2020 betrieben, ebenfalls mit den Marken VOLKSWAGEN und AUDI an der Adresse Long-Champ 118 in Biel, unter der Leitung von Frank Chappuis.<\/p><p>Im Jahr 2020 wurde das Autozentrum aufgrund neuer Anforderungen der Hersteller an die AMAG vermietet, die es seither f\u00fcr die Seat-Cupra- und Skoda-Konzessionen in der Region Biel-Jura-Seeland betreibt.<\/p>\t\t\t\t\t\t\t\t<\/div>\n\t\t\t\t<\/div>\n\t\t\t\t<\/div>\n\t\t<div class=\"elementor-element elementor-element-c9e3585 e-con-full e-flex e-con e-child\" data-id=\"c9e3585\" data-element_type=\"container\">\n\t\t\t\t<div class=\"elementor-element elementor-element-4a3a815 elementor-widget__width-inherit elementor-widget-mobile__width-inherit elementor-widget-tablet__width-initial elementor-widget elementor-widget-text-editor\" data-id=\"4a3a815\" data-element_type=\"widget\" data-widget_type=\"text-editor.default\">\n\t\t\t\t<div class=\"elementor-widget-container\">\n\t\t\t\t\t\t\t\t\t<p>Die FOCH Automobiles SA ihrerseits redimensionierte ihre Garagenaktivit\u00e4ten und \u00fcbernahm einen Betrieb an der Solothurnstrasse in Biel. Sie diversifizierte sich auch, indem sie im Betrieb von Selbstbedienungs-Autowaschanlagen aktiv wurde und sich gleichzeitig um die Verwaltung ihrer Immobilien k\u00fcmmerte.<\/p><p>Ab Januar 2024 wurde die Kundendienstt\u00e4tigkeit an eine unabh\u00e4ngige Einheit \u00fcbergeben, die den Betrieb der Garage-SAV an der Solothurnstrasse selbstst\u00e4ndig f\u00fchrt.<\/p><p>Ab 2025 kommt neben dem Verkauf von Fahrzeugen und dem Betrieb von Selbstbedienungs-Autowaschanlagen auch ein Service f\u00fcr die Reinigung und Aufbereitung von Fahrzeugen hinzu. Die Verwaltung von Immobiliendienstleistungen bleibt weiterhin bestehen.<\/p>\t\t\t\t\t\t\t\t<\/div>\n\t\t\t\t<\/div>\n\t\t\t\t<\/div>\n\t\t\t\t<\/div>\n\t\t\t\t\t<\/div>\n\t\t<\/div>\n\t\t\t\t\t<\/div>\n\t\t<\/div>\n\t\t\t\t<section class=\"elementor-section elementor-top-section elementor-element elementor-element-09d9298 elementor-section-boxed elementor-section-height-default elementor-section-height-default\" data-id=\"09d9298\" data-element_type=\"section\" data-settings=\"{&quot;background_background&quot;:&quot;classic&quot;}\">\n\t\t\t\t\t\t\t<div class=\"elementor-background-overlay\"><\/div>\n\t\t\t\t\t\t\t<div class=\"elementor-container elementor-column-gap-default\">\n\t\t\t\t\t<div class=\"elementor-column elementor-col-100 elementor-top-column elementor-element elementor-element-4a046d8\" data-id=\"4a046d8\" data-element_type=\"column\">\n\t\t\t<div class=\"elementor-widget-wrap elementor-element-populated\">\n\t\t\t\t\t\t<div class=\"elementor-element elementor-element-6c5bda5 elementor-widget elementor-widget-heading\" data-id=\"6c5bda5\" data-element_type=\"widget\" data-widget_type=\"heading.default\">\n\t\t\t\t<div class=\"elementor-widget-container\">\n\t\t\t\t\t<h2 class=\"elementor-heading-title elementor-size-default\">Das Unternehmen FOCH, ein zuverl\u00e4ssiger<\/br> Partner von 1984 bis\nheute.<\/h2>\t\t\t\t<\/div>\n\t\t\t\t<\/div>\n\t\t\t\t<div class=\"elementor-element elementor-element-decfedf elementor-widget__width-initial elementor-widget elementor-widget-text-editor\" data-id=\"decfedf\" data-element_type=\"widget\" data-widget_type=\"text-editor.default\">\n\t\t\t\t<div class=\"elementor-widget-container\">\n\t\t\t\t\t\t\t\t\t<p>Heute spiegelt unser Unternehmen die Vielfalt und die Entwicklung seiner Aktivit\u00e4ten seit seiner Gr\u00fcndung im Jahr 1984 wider. Vom Verkauf von Fahrzeugen \u00fcber den Betrieb von Autowaschanlagen bis hin zur Immobilienverwaltung und einem Fahrzeugreinigungsservice &#8211; das Unternehmen ist stets innovativ, um den Bed\u00fcrfnissen seiner Kunden gerecht zu werden.<\/p>\t\t\t\t\t\t\t\t<\/div>\n\t\t\t\t<\/div>\n\t\t\t\t<div class=\"elementor-element elementor-element-2e9e513 elementor-align-left elementor-widget elementor-widget-button\" data-id=\"2e9e513\" data-element_type=\"widget\" data-widget_type=\"button.default\">\n\t\t\t\t<div class=\"elementor-widget-container\">\n\t\t\t\t\t\t\t\t\t<div class=\"elementor-button-wrapper\">\n\t\t\t\t\t<a class=\"elementor-button elementor-button-link elementor-size-sm\" href=\"\/de\/contact\">\n\t\t\t\t\t\t<span class=\"elementor-button-content-wrapper\">\n\t\t\t\t\t\t<span class=\"elementor-button-icon\">\n\t\t\t\t<i aria-hidden=\"true\" class=\"fas fa-arrow-right\"><\/i>\t\t\t<\/span>\n\t\t\t\t\t\t\t\t\t<span class=\"elementor-button-text\">Kontaktieren Sie uns<\/span>\n\t\t\t\t\t<\/span>\n\t\t\t\t\t<\/a>\n\t\t\t\t<\/div>\n\t\t\t\t\t\t\t\t<\/div>\n\t\t\t\t<\/div>\n\t\t\t\t\t<\/div>\n\t\t<\/div>\n\t\t\t\t\t<\/div>\n\t\t<\/section>\n\t\t\t\t<\/div>\n\t\t","protected":false},"excerpt":{"rendered":"<p>seit 1984 UNTERNEHMENSGESCHICHTE Hauptgeb\u00e4ude bis 2020, Long-Champ 118, 2504 Biel\/Bienne\u00a0 Geschichte Fotor\u00fcckblicke [&hellip;]<\/p>\n","protected":false},"author":1,"featured_media":0,"parent":0,"menu_order":0,"comment_status":"closed","ping_status":"closed","template":"","meta":{"footnotes":""},"class_list":["post-1074","page","type-page","status-publish","hentry"],"yoast_head":"<!-- This site is optimized with the Yoast SEO plugin v25.1 - https:\/\/yoast.com\/wordpress\/plugins\/seo\/ -->\n<title>Firma - FOCH Automobiles SA<\/title>\n<meta name=\"robots\" content=\"index, follow, max-snippet:-1, max-image-preview:large, max-video-preview:-1\" \/>\n<link rel=\"canonical\" href=\"https:\/\/foch.ch\/entreprise\/\" \/>\n<meta property=\"og:locale\" content=\"de_DE\" \/>\n<meta property=\"og:type\" content=\"article\" \/>\n<meta property=\"og:title\" content=\"Firma - FOCH Automobiles SA\" \/>\n<meta property=\"og:description\" content=\"seit 1984 UNTERNEHMENSGESCHICHTE Hauptgeb\u00e4ude bis 2020, Long-Champ 118, 2504 Biel\/Bienne\u00a0 Geschichte Fotor\u00fcckblicke [&hellip;]\" \/>\n<meta property=\"og:url\" content=\"https:\/\/foch.ch\/entreprise\/\" \/>\n<meta property=\"og:site_name\" content=\"FOCH Automobiles SA\" \/>\n<meta property=\"article:modified_time\" content=\"2025-07-07T16:57:31+00:00\" \/>\n<meta property=\"og:image\" content=\"https:\/\/foch.ch\/wp-content\/uploads\/2024\/12\/10a-scaled-1.jpg\" \/>\n\t<meta property=\"og:image:width\" content=\"2560\" \/>\n\t<meta property=\"og:image:height\" content=\"1441\" \/>\n\t<meta property=\"og:image:type\" content=\"image\/jpeg\" \/>\n<meta name=\"twitter:card\" content=\"summary_large_image\" \/>\n<meta name=\"twitter:label1\" content=\"Gesch\u00e4tzte Lesezeit\" \/>\n\t<meta name=\"twitter:data1\" content=\"4\u00a0Minuten\" \/>\n<script type=\"application\/ld+json\" class=\"yoast-schema-graph\">{\"@context\":\"https:\/\/schema.org\",\"@graph\":[{\"@type\":\"WebPage\",\"@id\":\"https:\/\/foch.ch\/entreprise\/\",\"url\":\"https:\/\/foch.ch\/entreprise\/\",\"name\":\"Firma - FOCH Automobiles SA\",\"isPartOf\":{\"@id\":\"https:\/\/foch.ch\/#website\"},\"primaryImageOfPage\":{\"@id\":\"https:\/\/foch.ch\/entreprise\/#primaryimage\"},\"image\":{\"@id\":\"https:\/\/foch.ch\/entreprise\/#primaryimage\"},\"thumbnailUrl\":\"https:\/\/foch.ch\/wp-content\/uploads\/2024\/12\/10a-scaled-1.jpg\",\"datePublished\":\"2023-05-12T13:44:45+00:00\",\"dateModified\":\"2025-07-07T16:57:31+00:00\",\"breadcrumb\":{\"@id\":\"https:\/\/foch.ch\/entreprise\/#breadcrumb\"},\"inLanguage\":\"de\",\"potentialAction\":[{\"@type\":\"ReadAction\",\"target\":[\"https:\/\/foch.ch\/entreprise\/\"]}]},{\"@type\":\"ImageObject\",\"inLanguage\":\"de\",\"@id\":\"https:\/\/foch.ch\/entreprise\/#primaryimage\",\"url\":\"https:\/\/foch.ch\/wp-content\/uploads\/2024\/12\/10a-scaled-1.jpg\",\"contentUrl\":\"https:\/\/foch.ch\/wp-content\/uploads\/2024\/12\/10a-scaled-1.jpg\"},{\"@type\":\"BreadcrumbList\",\"@id\":\"https:\/\/foch.ch\/entreprise\/#breadcrumb\",\"itemListElement\":[{\"@type\":\"ListItem\",\"position\":1,\"name\":\"Accueil\",\"item\":\"https:\/\/foch.ch\/\"},{\"@type\":\"ListItem\",\"position\":2,\"name\":\"Firma\"}]},{\"@type\":\"WebSite\",\"@id\":\"https:\/\/foch.ch\/#website\",\"url\":\"https:\/\/foch.ch\/\",\"name\":\"FOCH Automobiles SA\",\"description\":\"Votre centre de comp\u00e9tences automobiles\",\"publisher\":{\"@id\":\"https:\/\/foch.ch\/#organization\"},\"potentialAction\":[{\"@type\":\"SearchAction\",\"target\":{\"@type\":\"EntryPoint\",\"urlTemplate\":\"https:\/\/foch.ch\/?s={search_term_string}\"},\"query-input\":{\"@type\":\"PropertyValueSpecification\",\"valueRequired\":true,\"valueName\":\"search_term_string\"}}],\"inLanguage\":\"de\"},{\"@type\":\"Organization\",\"@id\":\"https:\/\/foch.ch\/#organization\",\"name\":\"FOCH Automobiles SA\",\"url\":\"https:\/\/foch.ch\/\",\"logo\":{\"@type\":\"ImageObject\",\"inLanguage\":\"de\",\"@id\":\"https:\/\/foch.ch\/#\/schema\/logo\/image\/\",\"url\":\"https:\/\/foch.ch\/wp-content\/uploads\/2023\/05\/logo-foch-rgb.png\",\"contentUrl\":\"https:\/\/foch.ch\/wp-content\/uploads\/2023\/05\/logo-foch-rgb.png\",\"width\":228,\"height\":45,\"caption\":\"FOCH Automobiles SA\"},\"image\":{\"@id\":\"https:\/\/foch.ch\/#\/schema\/logo\/image\/\"}}]}<\/script>\n<!-- \/ Yoast SEO plugin. -->","yoast_head_json":{"title":"Firma - FOCH Automobiles SA","robots":{"index":"index","follow":"follow","max-snippet":"max-snippet:-1","max-image-preview":"max-image-preview:large","max-video-preview":"max-video-preview:-1"},"canonical":"https:\/\/foch.ch\/entreprise\/","og_locale":"de_DE","og_type":"article","og_title":"Firma - FOCH Automobiles SA","og_description":"seit 1984 UNTERNEHMENSGESCHICHTE Hauptgeb\u00e4ude bis 2020, Long-Champ 118, 2504 Biel\/Bienne\u00a0 Geschichte Fotor\u00fcckblicke [&hellip;]","og_url":"https:\/\/foch.ch\/entreprise\/","og_site_name":"FOCH Automobiles SA","article_modified_time":"2025-07-07T16:57:31+00:00","og_image":[{"width":2560,"height":1441,"url":"https:\/\/foch.ch\/wp-content\/uploads\/2024\/12\/10a-scaled-1.jpg","type":"image\/jpeg"}],"twitter_card":"summary_large_image","twitter_misc":{"Gesch\u00e4tzte Lesezeit":"4\u00a0Minuten"},"schema":{"@context":"https:\/\/schema.org","@graph":[{"@type":"WebPage","@id":"https:\/\/foch.ch\/entreprise\/","url":"https:\/\/foch.ch\/entreprise\/","name":"Firma - FOCH Automobiles SA","isPartOf":{"@id":"https:\/\/foch.ch\/#website"},"primaryImageOfPage":{"@id":"https:\/\/foch.ch\/entreprise\/#primaryimage"},"image":{"@id":"https:\/\/foch.ch\/entreprise\/#primaryimage"},"thumbnailUrl":"https:\/\/foch.ch\/wp-content\/uploads\/2024\/12\/10a-scaled-1.jpg","datePublished":"2023-05-12T13:44:45+00:00","dateModified":"2025-07-07T16:57:31+00:00","breadcrumb":{"@id":"https:\/\/foch.ch\/entreprise\/#breadcrumb"},"inLanguage":"de","potentialAction":[{"@type":"ReadAction","target":["https:\/\/foch.ch\/entreprise\/"]}]},{"@type":"ImageObject","inLanguage":"de","@id":"https:\/\/foch.ch\/entreprise\/#primaryimage","url":"https:\/\/foch.ch\/wp-content\/uploads\/2024\/12\/10a-scaled-1.jpg","contentUrl":"https:\/\/foch.ch\/wp-content\/uploads\/2024\/12\/10a-scaled-1.jpg"},{"@type":"BreadcrumbList","@id":"https:\/\/foch.ch\/entreprise\/#breadcrumb","itemListElement":[{"@type":"ListItem","position":1,"name":"Accueil","item":"https:\/\/foch.ch\/"},{"@type":"ListItem","position":2,"name":"Firma"}]},{"@type":"WebSite","@id":"https:\/\/foch.ch\/#website","url":"https:\/\/foch.ch\/","name":"FOCH Automobiles SA","description":"Votre centre de comp\u00e9tences automobiles","publisher":{"@id":"https:\/\/foch.ch\/#organization"},"potentialAction":[{"@type":"SearchAction","target":{"@type":"EntryPoint","urlTemplate":"https:\/\/foch.ch\/?s={search_term_string}"},"query-input":{"@type":"PropertyValueSpecification","valueRequired":true,"valueName":"search_term_string"}}],"inLanguage":"de"},{"@type":"Organization","@id":"https:\/\/foch.ch\/#organization","name":"FOCH Automobiles SA","url":"https:\/\/foch.ch\/","logo":{"@type":"ImageObject","inLanguage":"de","@id":"https:\/\/foch.ch\/#\/schema\/logo\/image\/","url":"https:\/\/foch.ch\/wp-content\/uploads\/2023\/05\/logo-foch-rgb.png","contentUrl":"https:\/\/foch.ch\/wp-content\/uploads\/2023\/05\/logo-foch-rgb.png","width":228,"height":45,"caption":"FOCH Automobiles SA"},"image":{"@id":"https:\/\/foch.ch\/#\/schema\/logo\/image\/"}}]}},"_links":{"self":[{"href":"https:\/\/foch.ch\/de\/wp-json\/wp\/v2\/pages\/1074","targetHints":{"allow":["GET"]}}],"collection":[{"href":"https:\/\/foch.ch\/de\/wp-json\/wp\/v2\/pages"}],"about":[{"href":"https:\/\/foch.ch\/de\/wp-json\/wp\/v2\/types\/page"}],"author":[{"embeddable":true,"href":"https:\/\/foch.ch\/de\/wp-json\/wp\/v2\/users\/1"}],"replies":[{"embeddable":true,"href":"https:\/\/foch.ch\/de\/wp-json\/wp\/v2\/comments?post=1074"}],"version-history":[{"count":19,"href":"https:\/\/foch.ch\/de\/wp-json\/wp\/v2\/pages\/1074\/revisions"}],"predecessor-version":[{"id":2438,"href":"https:\/\/foch.ch\/de\/wp-json\/wp\/v2\/pages\/1074\/revisions\/2438"}],"wp:attachment":[{"href":"https:\/\/foch.ch\/de\/wp-json\/wp\/v2\/media?parent=1074"}],"curies":[{"name":"wp","href":"https:\/\/api.w.org\/{rel}","templated":true}]}}